{"version":"1.0","provider_name":"LAB Focus","provider_url":"https:\/\/blogit.lab.fi\/labfocus","author_name":"tainask","author_url":"https:\/\/blogit.lab.fi\/labfocus\/author\/tainask\/","title":"Globaalikasvatus ja opettajuus maailman myllerryksess\u00e4 - LAB Focus","type":"rich","width":600,"height":338,"html":"<blockquote class=\"wp-embedded-content\" data-secret=\"WYcTotWxmo\"><a href=\"https:\/\/blogit.lab.fi\/labfocus\/globaalikasvatus-ja-opettajuus-maailman-myllerryksessa\/\">Globaalikasvatus ja opettajuus maailman myllerryksess\u00e4<\/a><\/blockquote><iframe sandbox=\"allow-scripts\" security=\"restricted\" src=\"https:\/\/blogit.lab.fi\/labfocus\/globaalikasvatus-ja-opettajuus-maailman-myllerryksessa\/embed\/#?secret=WYcTotWxmo\" width=\"600\" height=\"338\" title=\"&#8221;Globaalikasvatus ja opettajuus maailman myllerryksess\u00e4&#8221; &#8212; LAB Focus\" data-secret=\"WYcTotWxmo\" frameborder=\"0\" marginwidth=\"0\" marginheight=\"0\" scrolling=\"no\" class=\"wp-embedded-content\"><\/iframe><script>\n\/*! This file is auto-generated *\/\n!function(d,l){\"use strict\";l.querySelector&&d.addEventListener&&\"undefined\"!=typeof URL&&(d.wp=d.wp||{},d.wp.receiveEmbedMessage||(d.wp.receiveEmbedMessage=function(e){var t=e.data;if((t||t.secret||t.message||t.value)&&!\/[^a-zA-Z0-9]\/.test(t.secret)){for(var s,r,n,a=l.querySelectorAll('iframe[data-secret=\"'+t.secret+'\"]'),o=l.querySelectorAll('blockquote[data-secret=\"'+t.secret+'\"]'),c=new RegExp(\"^https?:$\",\"i\"),i=0;i<o.length;i++)o[i].style.display=\"none\";for(i=0;i<a.length;i++)s=a[i],e.source===s.contentWindow&&(s.removeAttribute(\"style\"),\"height\"===t.message?(1e3<(r=parseInt(t.value,10))?r=1e3:~~r<200&&(r=200),s.height=r):\"link\"===t.message&&(r=new URL(s.getAttribute(\"src\")),n=new URL(t.value),c.test(n.protocol))&&n.host===r.host&&l.activeElement===s&&(d.top.location.href=t.value))}},d.addEventListener(\"message\",d.wp.receiveEmbedMessage,!1),l.addEventListener(\"DOMContentLoaded\",function(){for(var e,t,s=l.querySelectorAll(\"iframe.wp-embedded-content\"),r=0;r<s.length;r++)(t=(e=s[r]).getAttribute(\"data-secret\"))||(t=Math.random().toString(36).substring(2,12),e.src+=\"#?secret=\"+t,e.setAttribute(\"data-secret\",t)),e.contentWindow.postMessage({message:\"ready\",secret:t},\"*\")},!1)))}(window,document);\n\/\/# sourceURL=https:\/\/blogit.lab.fi\/labfocus\/wp-includes\/js\/wp-embed.min.js\n<\/script>\n","thumbnail_url":"https:\/\/blogit.lab.fi\/labfocus\/wp-content\/uploads\/sites\/8\/2026\/09\/443_2026_Globaalikasvatus-ja-opettajuus-maailman-myllerryksessa.jpg","thumbnail_width":1280,"thumbnail_height":856,"description":"Eurooppa on t\u00e4n\u00e4 kes\u00e4n\u00e4 k\u00e4rvistellyt helleaallon ja mets\u00e4palojen kourissa. Rasismikohut puolestaan puhututtavat suomalaisia jo l\u00e4hes joka kes\u00e4. Teko\u00e4ly muuttaa koulutusta ja opettajuutta kyseenalaistaen opettajien ja l\u00e4hiopetuksen tarpeen. European Education Research Association EERA j\u00e4rjest\u00e4\u00e4 vuosittain koulutuksen tutkimuksen konferenssin ECER, jonka t\u00e4n\u00e4 vuonna j\u00e4rjesti Tampereen yliopisto. Konferenssi kokosi Tampereelle 3826 osallistujaa 84 maasta ja houkutteli osallistujia monipuolisuudellaan, [&hellip;]"}