{"version":"1.0","provider_name":"LAB Focus","provider_url":"https:\/\/blogit.lab.fi\/labfocus","author_name":"seesamtsokkinen","author_url":"https:\/\/blogit.lab.fi\/labfocus\/author\/seesamtsokkinen\/","title":"Muutos- ja innovaatiokykyvalmennus k\u00e4ynnistyy - LAB Focus","type":"rich","width":600,"height":338,"html":"<blockquote class=\"wp-embedded-content\" data-secret=\"8TytPAQezs\"><a href=\"https:\/\/blogit.lab.fi\/labfocus\/muutos-ja-innovaatiokykyvalmennus-kaynnistyy\/\">Muutos- ja innovaatiokykyvalmennus k\u00e4ynnistyy<\/a><\/blockquote><iframe sandbox=\"allow-scripts\" security=\"restricted\" src=\"https:\/\/blogit.lab.fi\/labfocus\/muutos-ja-innovaatiokykyvalmennus-kaynnistyy\/embed\/#?secret=8TytPAQezs\" width=\"600\" height=\"338\" title=\"&#8221;Muutos- ja innovaatiokykyvalmennus k\u00e4ynnistyy&#8221; &#8212; LAB Focus\" data-secret=\"8TytPAQezs\" frameborder=\"0\" marginwidth=\"0\" marginheight=\"0\" scrolling=\"no\" class=\"wp-embedded-content\"><\/iframe><script>\n\/*! This file is auto-generated *\/\n!function(d,l){\"use strict\";l.querySelector&&d.addEventListener&&\"undefined\"!=typeof URL&&(d.wp=d.wp||{},d.wp.receiveEmbedMessage||(d.wp.receiveEmbedMessage=function(e){var t=e.data;if((t||t.secret||t.message||t.value)&&!\/[^a-zA-Z0-9]\/.test(t.secret)){for(var s,r,n,a=l.querySelectorAll('iframe[data-secret=\"'+t.secret+'\"]'),o=l.querySelectorAll('blockquote[data-secret=\"'+t.secret+'\"]'),c=new RegExp(\"^https?:$\",\"i\"),i=0;i<o.length;i++)o[i].style.display=\"none\";for(i=0;i<a.length;i++)s=a[i],e.source===s.contentWindow&&(s.removeAttribute(\"style\"),\"height\"===t.message?(1e3<(r=parseInt(t.value,10))?r=1e3:~~r<200&&(r=200),s.height=r):\"link\"===t.message&&(r=new URL(s.getAttribute(\"src\")),n=new URL(t.value),c.test(n.protocol))&&n.host===r.host&&l.activeElement===s&&(d.top.location.href=t.value))}},d.addEventListener(\"message\",d.wp.receiveEmbedMessage,!1),l.addEventListener(\"DOMContentLoaded\",function(){for(var e,t,s=l.querySelectorAll(\"iframe.wp-embedded-content\"),r=0;r<s.length;r++)(t=(e=s[r]).getAttribute(\"data-secret\"))||(t=Math.random().toString(36).substring(2,12),e.src+=\"#?secret=\"+t,e.setAttribute(\"data-secret\",t)),e.contentWindow.postMessage({message:\"ready\",secret:t},\"*\")},!1)))}(window,document);\n\/\/# sourceURL=https:\/\/blogit.lab.fi\/labfocus\/wp-includes\/js\/wp-embed.min.js\n<\/script>\n","thumbnail_url":"https:\/\/blogit.lab.fi\/labfocus\/wp-content\/uploads\/sites\/8\/2023\/06\/390_2023_Kuva1.jpg","thumbnail_width":1280,"thumbnail_height":640,"description":"P\u00e4ij\u00e4t-H\u00e4meess\u00e4 ja Etel\u00e4-Karjalassa starttaa syyskuussa muutos- ja innovaatiokyky\u00e4 kasvattava valmennussarja. Valmennuksiin kutsutaan mukaan alueiden toimijat, kuten yritysten ja organisaatioiden ty\u00f6ntekij\u00e4t, aluekehitt\u00e4j\u00e4t ja yritt\u00e4j\u00e4t, vahvistamaan osaamistaan. Valmennusp\u00e4iviss\u00e4 opitaan uutta, etsit\u00e4\u00e4n ratkaisuja kehityshaasteisiin ja pohditaan yhdess\u00e4, kuinka voisi vastata entist\u00e4 paremmin tulevaisuuden tarpeisiin. Osallistujia kannustetaan erityisesti tarkastelemaan omia toimintatapojaan ja oppimaan uusia, paremmin muutostilanteisiin soveltuvia toimintamalleja.\u00a0 Valmennusteemat [&hellip;]"}