{"version":"1.0","provider_name":"LAB Focus","provider_url":"https:\/\/blogit.lab.fi\/labfocus","author_name":"pvitie","author_url":"https:\/\/blogit.lab.fi\/labfocus\/author\/pvitie\/","title":"Poistotekstiilien erillisker\u00e4ys on murroksessa - LAB Focus","type":"rich","width":600,"height":338,"html":"<blockquote class=\"wp-embedded-content\" data-secret=\"jloUiOg6GV\"><a href=\"https:\/\/blogit.lab.fi\/labfocus\/poistotekstiilien-erilliskerays-on-murroksessa\/\">Poistotekstiilien erillisker\u00e4ys on murroksessa<\/a><\/blockquote><iframe sandbox=\"allow-scripts\" security=\"restricted\" src=\"https:\/\/blogit.lab.fi\/labfocus\/poistotekstiilien-erilliskerays-on-murroksessa\/embed\/#?secret=jloUiOg6GV\" width=\"600\" height=\"338\" title=\"&#8221;Poistotekstiilien erillisker\u00e4ys on murroksessa&#8221; &#8212; LAB Focus\" data-secret=\"jloUiOg6GV\" frameborder=\"0\" marginwidth=\"0\" marginheight=\"0\" scrolling=\"no\" class=\"wp-embedded-content\"><\/iframe><script>\n\/*! This file is auto-generated *\/\n!function(d,l){\"use strict\";l.querySelector&&d.addEventListener&&\"undefined\"!=typeof URL&&(d.wp=d.wp||{},d.wp.receiveEmbedMessage||(d.wp.receiveEmbedMessage=function(e){var t=e.data;if((t||t.secret||t.message||t.value)&&!\/[^a-zA-Z0-9]\/.test(t.secret)){for(var s,r,n,a=l.querySelectorAll('iframe[data-secret=\"'+t.secret+'\"]'),o=l.querySelectorAll('blockquote[data-secret=\"'+t.secret+'\"]'),c=new RegExp(\"^https?:$\",\"i\"),i=0;i<o.length;i++)o[i].style.display=\"none\";for(i=0;i<a.length;i++)s=a[i],e.source===s.contentWindow&&(s.removeAttribute(\"style\"),\"height\"===t.message?(1e3<(r=parseInt(t.value,10))?r=1e3:~~r<200&&(r=200),s.height=r):\"link\"===t.message&&(r=new URL(s.getAttribute(\"src\")),n=new URL(t.value),c.test(n.protocol))&&n.host===r.host&&l.activeElement===s&&(d.top.location.href=t.value))}},d.addEventListener(\"message\",d.wp.receiveEmbedMessage,!1),l.addEventListener(\"DOMContentLoaded\",function(){for(var e,t,s=l.querySelectorAll(\"iframe.wp-embedded-content\"),r=0;r<s.length;r++)(t=(e=s[r]).getAttribute(\"data-secret\"))||(t=Math.random().toString(36).substring(2,12),e.src+=\"#?secret=\"+t,e.setAttribute(\"data-secret\",t)),e.contentWindow.postMessage({message:\"ready\",secret:t},\"*\")},!1)))}(window,document);\n\/\/# sourceURL=https:\/\/blogit.lab.fi\/labfocus\/wp-includes\/js\/wp-embed.min.js\n<\/script>\n","thumbnail_url":"https:\/\/blogit.lab.fi\/labfocus\/wp-content\/uploads\/sites\/8\/2024\/10\/858_Poistotekstiilien-erilliskerays-on-murroksessa_Kuva2.jpg","thumbnail_width":1280,"thumbnail_height":740,"description":"Suomessa on tehty kovasti t\u00f6it\u00e4 tekstiilien kiertotalouden hyv\u00e4ksi jo pitk\u00e4\u00e4n, ja Suomea voidaankin pit\u00e4\u00e4 yhten\u00e4 poistotekstiilin erillisker\u00e4yksen pilottimaana. Edell\u00e4k\u00e4vij\u00e4n\u00e4 toimimisessa on kuitenkin my\u00f6s k\u00e4\u00e4nt\u00f6puolensa. Suomessa vietiin l\u00e4pi poistotekstiilien erillisker\u00e4ysvelvoite, jossa kunnat vastaavat kotitalouksien tekstiilien ker\u00e4yksest\u00e4. Velvoite astui voimaan tammikuussa 2023. Mit\u00e4 ei etuk\u00e4teen voitu t\u00e4ysin ennustaa, olivat Euroopan komission suunnitelmat poistotekstiilien varalle. Mit\u00e4 j\u00e4tedirektiivimuutoksia Euroopan [&hellip;]"}